{"id":4755,"date":"2019-05-07T21:47:13","date_gmt":"2019-05-07T19:47:13","guid":{"rendered":"http:\/\/www.michelelorenzini.de\/blog\/?page_id=4755"},"modified":"2024-11-12T13:38:32","modified_gmt":"2024-11-12T12:38:32","slug":"ueber_mich","status":"publish","type":"page","link":"http:\/\/www.michelelorenzini.de\/blog\/ueber_mich\/","title":{"rendered":"\u00dcber mich"},"content":{"rendered":"<section class=\"wpb-content-wrapper\"><p>[vc_row css=&#8220;.vc_custom_1557653040784{padding-top: 25px !important;padding-bottom: 0px !important;}&#8220;][vc_column width=&#8220;1\/2&#8243; reveal_effect=&#8220;fadeIn&#8220; reveal_duration=&#8220;1&#8243; reveal_delay=&#8220;0.3&#8243;][vc_column_text el_class=&#8220;page-title-size&#8220; css=&#8220;.vc_custom_1557650457746{margin-bottom: 15px !important;}&#8220;]<\/p>\n<h1>\u00dcber mich<\/h1>\n<p>[\/vc_column_text][\/vc_column][vc_column width=&#8220;1\/2&#8243;][\/vc_column][\/vc_row][vc_row el_class=&#8220;contact-row&#8220;][vc_column width=&#8220;1\/2&#8243; reveal_effect=&#8220;fadeIn&#8220; reveal_duration=&#8220;1&#8243; reveal_delay=&#8220;0.3&#8243;][vc_column_text css=&#8220;.vc_custom_1682411999264{margin-bottom: 15px !important;}&#8220;]Michele Lorenzini wurde in Mailand geboren. Er studierte an der Kunstakademie \u201eAccademia di Brera\u201c in seiner Heimatstadt. Nach zwei Jahren Aufenthalt in Barcelona und einem Austauschsemester an der Kunstakademie M\u00fcnchen arbeitete Michele Lorenzini von 2000 bis 2004 als B\u00fchnenbildassistent u. a. am Staatstheater Stuttgart, Theater Heidelberg, Residenztheater M\u00fcnchen, Prinzregententheater M\u00fcnchen, G\u00e4rtnerplatztheater M\u00fcnchen sowie am Theater Freiburg und Opera di Firenze, Italien.<br \/>\nSeit 2005 arbeitet er als freischaffender B\u00fchnen- und Kost\u00fcmbildner f\u00fcr Schauspiel, Musik und Tanztheater und realisiert Theater- und Kunstworkshops f\u00fcr Kinder und Jugendliche u. a. in Hall in Tirol, der internationalen Schule Doppiomondo, St\u00e4dt. Ludwig-Thoma-Realschule, Deutsch-Italienische Schule Leonardo da Vinci und an der Europ\u00e4ische Schule in M\u00fcnchen. Engagements f\u00fchrten ihn u. a. an das Badische Staatstheater Karlsruhe, das Theater Freiburg, das Stadttheater Bremerhaven, das Stadttheater Gie\u00dfen, Teamtheater M\u00fcnchen, Tamstheater M\u00fcnchen, Schleswig-Holsteinisches Landestheater Flensburg, Landestheater Detmold, Das Theater an der Effingerstrasse in der Schweizer Bundesstadt Bern, Vereinigten B\u00fchnen Bozen und an das Tiroler Landestheater Innsbruck.[\/vc_column_text][\/vc_column][vc_column width=&#8220;1\/2&#8243;][vc_single_image image=&#8220;5110&#8243; img_size=&#8220;555 x 555&#8243;][\/vc_column][\/vc_row][vc_row el_class=&#8220;contact-row&#8220;][vc_column width=&#8220;1\/2&#8243; reveal_effect=&#8220;fadeIn&#8220; reveal_duration=&#8220;1&#8243; reveal_delay=&#8220;0.3&#8243;][vc_column_text css=&#8220;.vc_custom_1557652569118{margin-bottom: 15px !important;}&#8220;]<\/p>\n<h2>Ausbildung<\/h2>\n<p>[\/vc_column_text][\/vc_column][vc_column width=&#8220;1\/2&#8243;][vc_column_text]<strong>1996\/2000<\/strong> Studium der Malerei bei Prof. Giuseppe Maraniello an der Kunstakademie\u2028 \u201eAccademia di Brera\u201c, Mailand, Italien<\/p>\n<p><strong>1999-2000<\/strong> Erasmus-Studienaufenthalt bei Prof. H. Baschang an der\u2028 Akademie der Bildenden K\u00fcnste, M\u00fcnchen<\/p>\n<p><strong>2000-2002<\/strong> Pers\u00f6nlicher Assistent von B\u00fchnenbildner Alexander M\u00fcller Elmau und Christoph Sehl<\/p>\n<p><strong>2002 bis 2004<\/strong>\u00a0Festangestellter B\u00fchnenbildassistent am Theater Freiburg, Intendantin: Am\u00e9lie Niermeyer<\/p>\n<p><strong>Seit 2005<\/strong> t\u00e4tig als freischaffender B\u00fchnenbildner,K\u00fcnstler[\/vc_column_text][\/vc_column][\/vc_row][vc_row][vc_column][vc_separator color=&#8220;custom&#8220; accent_color=&#8220;#0033ff&#8220;][\/vc_column][\/vc_row][vc_row css=&#8220;.vc_custom_1526305349843{padding-top: 25px !important;padding-bottom: 50px !important;}&#8220;][vc_column width=&#8220;1\/2&#8243; reveal_effect=&#8220;fadeIn&#8220; reveal_duration=&#8220;1&#8243; reveal_delay=&#8220;0.3&#8243;][vc_column_text el_class=&#8220;page-title-size&#8220; css=&#8220;.vc_custom_1562006136618{margin-bottom: 15px !important;}&#8220;]<\/p>\n<h1>Work<\/h1>\n<p>[\/vc_column_text][\/vc_column][vc_column width=&#8220;1\/2&#8243;][\/vc_column][\/vc_row][vc_row el_class=&#8220;contact-row&#8220;][vc_column width=&#8220;1\/2&#8243; reveal_effect=&#8220;fadeIn&#8220; reveal_duration=&#8220;1&#8243; reveal_delay=&#8220;0.3&#8243; el_class=&#8220;year&#8220;][vc_column_text css=&#8220;.vc_custom_1731411966108{margin-bottom: 15px !important;}&#8220;]<\/p>\n<h2>2024<\/h2>\n<p>[\/vc_column_text][\/vc_column][vc_column width=&#8220;1\/2&#8243;][vc_column_text]<strong>\u201eEin Nussknacker\u201c<\/strong><br \/>\nTanztheater von Massimo Gerardi<br \/>\nChoreographie : Massimo Gerardi<br \/>\nGerhart Hauptmann Theater, G\u00f6rlitz<br \/>\nPremiere: 26. Oktober 2024<\/p>\n<p><strong>\u201eSternzeit-Planck Visionen\u201c<\/strong><br \/>\nTanzproduktion von Tarek Assam<br \/>\nChoreographie : Tarek Assam<br \/>\nVideo: Lieve Vanderschaeve<br \/>\nKammerb\u00fchne Harztheater, Halberstadt<br \/>\nPremiere: 14. September 2024<\/p>\n<p><strong>\u201eEine Rosskur<\/strong><strong>\u201c<br \/>\n<\/strong>Musik von Luigi Ricci<br \/>\nMusikalische Leitung: Alois Rottenaicher<br \/>\nInszenierung: Horst Vladar<br \/>\nNeuburger Kammeroper, Neuburg an der Donau<br \/>\nPremiere: 20. Juli 2024<\/p>\n<p><strong>\u201eWunder in der Hafenbar\u201c\u2028<\/strong><br \/>\nRegie: Lorenz Seib<br \/>\nTamS Theater, M\u00fcnchen<br \/>\nPremiere: 21. Juni 2024<\/p>\n<p><strong>\u201eDer Karl, der Posa und der Philipp<\/strong><strong>&#8220;<br \/>\n<\/strong>nach Don Karlos von Schiller<br \/>\nRegie: Andreas Seyferth<br \/>\nTheater Viel L\u00e4rm um Nichts, M\u00fcnchen<br \/>\nPremiere: 16. M\u00e4rz 2024<\/p>\n<p><strong>\u201eDer Gute Gott von Manhattan<\/strong><strong>&#8220;<br \/>\n<\/strong>Von Ingeborg Bachmann<br \/>\nRegie: Jacoub Eisa<br \/>\nTeamtheater, M\u00fcnchen<br \/>\nPremiere: 21. Februar 2024<\/p>\n<p><strong>\u201eNorway.today<\/strong><strong>&#8220;<br \/>\n<\/strong>Von Igor Bauersima<br \/>\nRegie: Philipp Jescheck<br \/>\nDas Theater an der Effingerstrasse Bern, Schweiz<br \/>\nPremiere: 10. Januar 2024<\/p>\n<p>[\/vc_column_text][\/vc_column][vc_column][\/vc_column][\/vc_row][vc_row el_class=&#8220;contact-row&#8220;][vc_column width=&#8220;1\/2&#8243; reveal_effect=&#8220;fadeIn&#8220; reveal_duration=&#8220;1&#8243; reveal_delay=&#8220;0.3&#8243; el_class=&#8220;year&#8220;][vc_column_text css=&#8220;.vc_custom_1731410946437{margin-bottom: 15px !important;}&#8220;]<\/p>\n<h2>2023<\/h2>\n<p>[\/vc_column_text][\/vc_column][vc_column width=&#8220;1\/2&#8243;][vc_column_text]<strong>\u201eVergebliche Vorsicht-List und\u00a0<\/strong><strong>Vernunft\u201c<br \/>\n<\/strong>Musik von Pierre Alexandre Monsigny<br \/>\nMusikalische Leitung: Alois Rottenaicher<br \/>\nInszenierung: Horst Vladar und Michael Hoffmann<br \/>\nNeuburger Kammeroper, Neuburg an der Donau<br \/>\nPremiere: 22. Juli 2023<\/p>\n<p><strong>\u201eFluchtachterl in der Hafenbar\u201c\u2028<\/strong><br \/>\nRegie: Lorenz Seib<br \/>\nTamS Theater, M\u00fcnchen<br \/>\nPremiere: 18. Juni 2023<\/p>\n<p><strong>\u201eRomeo und Julia<\/strong><strong>\u201c<br \/>\n<\/strong>Ballett von Sergej Prokofjew<br \/>\nMusikalische Leitung: Per-Otto Johansson<br \/>\nChoreografie: Katharina Torwesten<br \/>\nLandestheater Detmold<br \/>\nPremiere: 21. April 2023<\/p>\n<p><strong>\u201eSpaceman<\/strong><strong>&#8220;<br \/>\n<\/strong>Von Leegrid Stevens<br \/>\nRegie: Philipp Jescheck<br \/>\nDas Theater an der Effingerstrasse Bern, Schweiz<br \/>\nPremiere: 11. Januar 2023[\/vc_column_text][\/vc_column][vc_column][\/vc_column][\/vc_row][vc_row el_class=&#8220;contact-row&#8220;][vc_column width=&#8220;1\/2&#8243; reveal_effect=&#8220;fadeIn&#8220; reveal_duration=&#8220;1&#8243; reveal_delay=&#8220;0.3&#8243; el_class=&#8220;year&#8220;][vc_column_text css=&#8220;.vc_custom_1731340735072{margin-bottom: 15px !important;}&#8220;]<\/p>\n<h2>2022<\/h2>\n<p>[\/vc_column_text][\/vc_column][vc_column width=&#8220;1\/2&#8243;][vc_column_text]<strong>\u201eZwei\u00a0<\/strong><strong>Minuten kalt Duschen\u201c<br \/>\n<\/strong>Von Anette Spola<br \/>\nTamS Theater M\u00fcnchen<br \/>\nPremiere: 19. September 2022<\/p>\n<p><strong>\u201eGravitas\u201c\u2028<\/strong><br \/>\nKammertanzabend von Tarek Assam<br \/>\nChoreographie: Tarek Assam<br \/>\nKammerb\u00fchne Halberstadt<br \/>\nPremiere: 16. September. 2022<\/p>\n<p><strong>\u201eBlasmusikpop<\/strong><strong>\u201c<br \/>\n<\/strong>Blasmusikoper von Thomas Doss<br \/>\nMusikalische Leitung: Georg Thaler<br \/>\nInszenierung: Alexander Kratzer<br \/>\nB\u00fchnenbild: Luis Graningen<br \/>\nVideo Animation: Michele Lorenzini<br \/>\nVereinigte B\u00fchnen Bozen, Italien<br \/>\nPremiere: 3. September 2022<\/p>\n<p><strong>\u201eDie Poststation<\/strong><strong>&#8220;<br \/>\n<\/strong>Musik von Giuseppe Mosca<br \/>\nMusikalische Leitung: Alois Rottenaicher<br \/>\nInszenierung: Horst Vladar<br \/>\nNeuburger Kammeroper, Neuburg an der Donau<br \/>\nPremiere: 23. Juli 2022[\/vc_column_text][\/vc_column][vc_column][\/vc_column][\/vc_row][vc_row el_class=&#8220;contact-row&#8220;][vc_column width=&#8220;1\/2&#8243; reveal_effect=&#8220;fadeIn&#8220; reveal_duration=&#8220;1&#8243; reveal_delay=&#8220;0.3&#8243; el_class=&#8220;year&#8220;][vc_column_text css=&#8220;.vc_custom_1682409446997{margin-bottom: 15px !important;}&#8220;]<\/p>\n<h2>2021<\/h2>\n<p>[\/vc_column_text][\/vc_column][vc_column width=&#8220;1\/2&#8243;][vc_column_text]<strong>\u201eDer Gl\u00f6ckner von Notre Dame<\/strong><strong>\u201c<br \/>\n<\/strong>Choreografie: Katharina Torwesten<br \/>\nLandestheater Detmold<br \/>\nPremiere: 22.10. 2021<\/p>\n<p><strong>\u201eLove Domagk\u201c\u2028<\/strong><br \/>\nTanz und Theaterprojekt<br \/>\nRegie: Philipp Jescheck<br \/>\nChoreographie: Barbara Galli-Jescheck<br \/>\nKulturb\u00fchne Spagat, M\u00fcnchen<br \/>\nPremiere: 03.10. 2021<\/p>\n<p><strong>\u201eKatastrophe !Katastrophe !<\/strong><strong>\u201c<br \/>\n<\/strong>Ein Singspiel mit Puppen<br \/>\nRegie: Andrea Kilian<br \/>\nPathos Theater, M\u00fcnchen<br \/>\nPremiere: 02.10. 2021<\/p>\n<p><strong>\u201eEine stunde verheiratet<\/strong><strong>\u201c und &#8222;Haus zu verkaufen&#8220;<br \/>\n<\/strong>Musik von Nicolas Dalayrac<br \/>\nMusikalische Leitung: Alois Rottenaicher<br \/>\nInszenierung: Horst Vladar und Michael Hoffmann<br \/>\nNeuburger Kammeroper, Neuburg an der Donau<br \/>\nPremiere: 24. Juli 2021[\/vc_column_text][\/vc_column][vc_column][\/vc_column][\/vc_row][vc_row el_class=&#8220;contact-row&#8220;][vc_column width=&#8220;1\/2&#8243; reveal_effect=&#8220;fadeIn&#8220; reveal_duration=&#8220;1&#8243; reveal_delay=&#8220;0.3&#8243; el_class=&#8220;year&#8220;][vc_column_text css=&#8220;.vc_custom_1640098663819{margin-bottom: 15px !important;}&#8220;]<\/p>\n<h2>2020<\/h2>\n<p>[\/vc_column_text][\/vc_column][vc_column width=&#8220;1\/2&#8243;][vc_column_text]<strong>\u201eAnthologie\/Bl\u00fctenlese<\/strong><strong>\u201c<br \/>\n<\/strong>Choreografie: Cristina D`Alberto<br \/>\nSchwere Reiter, M\u00fcnchen<br \/>\nPremiere: 22.10. 2020<\/p>\n<p><strong>\u201eDas Haus verliert Nix\u201c\u2028<\/strong><br \/>\nKonzept, Regie: \u00a0Lorenz Seib<br \/>\nAusstattung: Katharina Schmidt, Claudia Karpfinger, Lorenz Seib, Michele Lorenzini<br \/>\nTams Theater M\u00fcnchen<br \/>\nPremiere: 10.10. 2020<\/p>\n<p><strong>\u201eFrau S\u00fcss und Frau Salzig<\/strong><strong>\u201c<br \/>\n<\/strong>Ein Erz\u00e4hl-Kochkunst-St\u00fcck<br \/>\nmit Gabi Altenbach und Ines Honsel<br \/>\nRegie: Andrea Kilian<br \/>\nMucca 31, M\u00fcnchen<br \/>\nPremiere: 04.10. 2020<\/p>\n<p><strong>\u201eTheatralische Abenteuer<\/strong><strong>\u201c<br \/>\n<\/strong>Musik von D. Cimarosa und W. A. Mozart<br \/>\nMusikalische Leitung: Alois Rottenaicher<br \/>\nInszenierung: Horst Vladar<br \/>\nNeuburger Kammeroper, Neuburg an der Donau<br \/>\nPremiere: 18. Juli 2020<\/p>\n<p><strong>\u201eDon Giovanni<\/strong><strong>\u201c<br \/>\n<\/strong>Oper von Wolfgang Amadeus Mozart<br \/>\nMusikalische Leitung: Kimbo Ishii<br \/>\nInszenierung: Markus Hertel<br \/>\nSchleswig-Holsteinisches Landestheater Flensburg<br \/>\nPremiere: 18. 01. 2020[\/vc_column_text][\/vc_column][vc_column][\/vc_column][\/vc_row][vc_row el_class=&#8220;contact-row&#8220;][vc_column width=&#8220;1\/2&#8243; reveal_effect=&#8220;fadeIn&#8220; reveal_duration=&#8220;1&#8243; reveal_delay=&#8220;0.3&#8243; el_class=&#8220;year&#8220;][vc_column_text css=&#8220;.vc_custom_1573146094209{margin-bottom: 15px !important;}&#8220;]<\/p>\n<h2>2019<\/h2>\n<p>[\/vc_column_text][\/vc_column][vc_column width=&#8220;1\/2&#8243;][vc_column_text]<strong>\u201eDie Babysitterin\u201c\u2028<\/strong><br \/>\nvon Caterine Leg\u00e9r<br \/>\nRegie: Philipp Jescheck<br \/>\nTeamtheater M\u00fcnchen<br \/>\nPremiere: 20. November 2019<\/p>\n<p><strong>\u201eRigoletto<\/strong><strong>\u201c<br \/>\n<\/strong>Oper von Giuseppe Verdi<br \/>\nMusikalische Leitung: Kimbo Ishii<br \/>\nInszenierung: Peter Grisebach<br \/>\nSchleswig-Holsteinisches Landestheater Flensburg<br \/>\nPremiere: 21. September 2019<\/p>\n<p><strong>\u201eDer Tote Dichter lebt &#8211; Der Maultiertreiber<\/strong><strong>\u201c<br \/>\n<\/strong>Komische Oper von Ferdinand H\u00e9rold<br \/>\nMusikalische Leitung: Alois Rottenaicher<br \/>\nInszenierung: Horst Vladar, Michael Hoffmann<br \/>\nNeuburger Kammeroper, Neuburg an der Donau<br \/>\nPremiere: 21. Juli 2019<\/p>\n<p><strong>\u201eManon Lescaut<\/strong><strong>\u201c<br \/>\n<\/strong>Oper in vier Akten von Giacomo Puccini<br \/>\nMusikalische Leitung: Peter Sommerer<br \/>\nInszenierung: Peter Grisebach<br \/>\nSchleswig-Holsteinisches Landestheater Flensburg<br \/>\nPremiere: 16. M\u00e4rz 2019<\/p>\n<p><strong>\u201eRadetzkymarsch\u201c\u2028 <\/strong><br \/>\nSchauspiel von Joseph Roth<br \/>\nRegie: Philipp Jescheck<br \/>\nTiroler Landestheater Innsbruck, \u00d6sterreich<br \/>\nPremiere: 12. Januar 2019[\/vc_column_text][\/vc_column][\/vc_row][vc_row el_class=&#8220;contact-row&#8220;][vc_column width=&#8220;1\/2&#8243; reveal_effect=&#8220;fadeIn&#8220; reveal_duration=&#8220;1&#8243; reveal_delay=&#8220;0.3&#8243; el_class=&#8220;year&#8220;][vc_column_text css=&#8220;.vc_custom_1573145106900{margin-bottom: 15px !important;}&#8220;]<\/p>\n<h2>2018<\/h2>\n<p>[\/vc_column_text][\/vc_column][vc_column width=&#8220;1\/2&#8243;][vc_column_text]<strong>\u201eKein Honigschlecken\u201c\u2028<\/strong><br \/>\nvon Greg Freeman<br \/>\nRegie: Philipp Jescheck<br \/>\nTeamtheater M\u00fcnchen<br \/>\nPremiere: 19. September 2018<\/p>\n<p><strong>\u201eWaves\u201c\u2028 (UA)<\/strong><br \/>\nTanzabend von Tarek Assam<br \/>\nChoreographie: Tarek Assam<br \/>\nStadttheater Gie\u00dfen<br \/>\nPremiere: 2. September 2018<\/p>\n<p><strong>\u201eDer B\u00e4bu<\/strong><strong>\u201c<br \/>\n<\/strong>Komische Oper von W.A.Wohlbr\u00fcck<br \/>\nMusikalische Leitung: Alois Rottenaicher<br \/>\nInszenierung: Horst Vladar<br \/>\nNeuburger Kammeroper, Neuburg an der Donau<br \/>\nPremiere: 21. Juli 2018<\/p>\n<p><strong>\u201eRomeo &amp; Julia for ever and ever\u201c\u2028 <\/strong><br \/>\nSch\u00fclprojekt M\u00fcnchner Kammerspiele mit St\u00e4dt. Ludwig-Thoma-Realschule, M\u00fcnchen<br \/>\nRegie: Caitlin van der Maas<br \/>\nPremiere: 23.April 2018[\/vc_column_text][\/vc_column][\/vc_row][vc_row el_class=&#8220;contact-row&#8220;][vc_column width=&#8220;1\/2&#8243; reveal_effect=&#8220;fadeIn&#8220; reveal_duration=&#8220;1&#8243; reveal_delay=&#8220;0.3&#8243; el_class=&#8220;year&#8220;][vc_column_text css=&#8220;.vc_custom_1566847420082{margin-bottom: 15px !important;}&#8220;]<\/p>\n<h2>2017<\/h2>\n<p>[\/vc_column_text][\/vc_column][vc_column width=&#8220;1\/2&#8243;][vc_column_text]<strong>\u201eHoffmanns Erz\u00e4hlungen\u201c<br \/>\n<\/strong>\u2028Phantastische Oper in 5 Akten von Jacques Offenbach<br \/>\nMusikalische Leitung: Peter Sommerer<br \/>\nInszenierung: Peter Grisebach<br \/>\nSchleswig-Holsteinisches Landestheater Flensburg<br \/>\nPremiere: 4. November 2017<\/p>\n<p><strong>\u201ePaarungen\u201c\u2028<\/strong><br \/>\nvon \u00c9ric Assous<br \/>\nRegie: Philipp Jescheck<br \/>\nTeamtheater M\u00fcnchen<br \/>\nPremiere: 15. September 2017<\/p>\n<p><strong>\u201eArzt wider Willen &#8211; Alles verhext<\/strong><strong>\u201c<br \/>\n<\/strong>Farsa von Giuseppe Maria Foppa<br \/>\nMusikalische Leitung: Alois Rottenaicher<br \/>\nInszenierung: Horst Vladar, Michael Hoffmann<br \/>\nNeuburger Kammeroper, Neuburg an der Donau<br \/>\nPremiere: 23. Juli 2017<\/p>\n<p><strong>\u201eTante und Ich\u201c\u2028 <\/strong>Wiederaufnahme<br \/>\neine schwarze Kom\u00f6die von Morris Panych<br \/>\nRegie: Philipp Jescheck<br \/>\nTeamtheater M\u00fcnchen<br \/>\n7.7-28.7.2017<\/p>\n<p><strong>\u201eUnterw@sser\u201c<\/strong><br \/>\nvon Jean-Fran\u00e7ois Guilbault und Andr\u00e9anne Joubert<br \/>\nRegie: Philipp Jescheck<br \/>\nTeamtheater M\u00fcnchen<br \/>\nPremiere: 26. April 2017<\/p>\n<p><strong>\u201eDer Prozess\u201c<br \/>\n<\/strong>Schauspiel nach dem Roman von Franz Kafka<br \/>\nRegie: Philipp Jescheck<br \/>\nTiroler Landestheater Innsbruck, \u00d6sterreich<br \/>\nPremiere: 5. M\u00e4rz 2017<\/p>\n<p><strong>\u201eMaria Stuarda\u201c<br \/>\n<\/strong>\u2028von Gaetano Donizetti<br \/>\nMusikalische Leitung: Peter Sommerer<br \/>\nInszenierung: Peter Grisebach<br \/>\nSchleswig-Holsteinisches Landestheater Flensburg<br \/>\nPremiere: 14. Januar 2017[\/vc_column_text][\/vc_column][\/vc_row][vc_row el_class=&#8220;contact-row&#8220;][vc_column width=&#8220;1\/2&#8243; reveal_effect=&#8220;fadeIn&#8220; reveal_duration=&#8220;1&#8243; reveal_delay=&#8220;0.3&#8243; el_class=&#8220;year&#8220;][vc_column_text css=&#8220;.vc_custom_1566847410023{margin-bottom: 15px !important;}&#8220;]<\/p>\n<h2>2016<\/h2>\n<p>[\/vc_column_text][\/vc_column][vc_column width=&#8220;1\/2&#8243;][vc_column_text]<strong>\u201eDie R\u00e4uber\u201c\u2028 <\/strong><br \/>\nvon\u00a0 Friedrich Schiller<br \/>\nRegie: Philipp Jescheck<br \/>\nVereinigte B\u00fchnen Bozen, Italien<br \/>\nPremiere: 16. Oktober 2016<\/p>\n<p><strong>\u201eLes Conjoints\u201c\u2028<\/strong><br \/>\nd&#8217;\u00c9ric Assous en langue fran\u00e7aise<br \/>\nRegie: Judith von Radetzky<br \/>\nTeamtheater M\u00fcnchen<br \/>\nPremiere: 9. September 2016<\/p>\n<p><strong>\u201eAbenteuerlust<\/strong><strong>\u201c<br \/>\n<\/strong>Op\u00e9ra-comique in drei Akten von Charles Guillaume Etienne<br \/>\nMusikalische Leitung: Alois Rottenaicher<br \/>\nInszenierung: Horst Vladar<br \/>\nNeuburger Kammeroper, Neuburg an der Donau<br \/>\nPremiere: 23. Juli 2016<\/p>\n<p><strong>\u201eTante und Ich\u201c\u2028<\/strong><br \/>\neine schwarze Kom\u00f6die von Morris Panych<br \/>\nRegie: Philipp Jescheck<br \/>\nTeamtheater M\u00fcnchen<br \/>\nPremiere: 26. Mai 2016<\/p>\n<p><strong>\u201eGravitas\u201c <\/strong>Tanzabend von Tarek Assam<br \/>\nChoreographie: Tarek Assam<br \/>\nStadttheater Gie\u00dfen<br \/>\nPremiere: 12. Mai 2016<\/p>\n<p><strong>\u201eWas Innen geht\u201c <\/strong>(UA)<strong><br \/>\n<\/strong>\u2028von Anja Hilling<br \/>\nRegie: Philipp Jescheck<br \/>\nTheater Praesent, Innsbruck, \u00d6sterreich<br \/>\nPremiere: 2. M\u00e4rz 2016[\/vc_column_text][\/vc_column][\/vc_row][vc_row el_class=&#8220;contact-row&#8220;][vc_column width=&#8220;1\/2&#8243; reveal_effect=&#8220;fadeIn&#8220; reveal_duration=&#8220;1&#8243; reveal_delay=&#8220;0.3&#8243; el_class=&#8220;year&#8220;][vc_column_text css=&#8220;.vc_custom_1566847370809{margin-bottom: 15px !important;}&#8220;]<\/p>\n<h2>2015<\/h2>\n<p>[\/vc_column_text][\/vc_column][vc_column width=&#8220;1\/2&#8243;][vc_column_text]<strong>\u201eDer Weibsteufel\u201c\u2028 <\/strong><br \/>\nvon\u00a0 Karl Sch\u00f6nherr<br \/>\nRegie: Philipp Jescheck<br \/>\nVereinigte B\u00fchnen Bozen, Italien<br \/>\nPremiere: 3. Oktober 2015<\/p>\n<p><strong>\u201eHacklwurf\u201c\u2028<\/strong><br \/>\nvon Christopher Griebel, J\u00fcrgen Reiter und Philipp Jescheck<br \/>\nRegie: Philipp Jescheck<br \/>\nTeamtheater M\u00fcnchen<br \/>\nPremiere: 17. September 2015<\/p>\n<p><strong>\u201eSchlaukopf und Dicksch\u00e4del &#8211; Der Hitzkopf<\/strong><strong>\u201c<br \/>\n<\/strong>von Giuseppe Maria Foppa<br \/>\nMusikalische Leitung: Alois Rottenaicher<br \/>\nInszenierung: Horst Vladar und Michael Hoffmann<br \/>\nNeuburger Kammeroper, Neuburg an der Donau<br \/>\nPremiere: 19. Juli 2015<\/p>\n<p><strong>\u201eLe Pr\u00e9nom\u201c\u2028 <\/strong>Wiederaufnahme<br \/>\nUne com\u00e9die de Matthieu Delaporte &amp; Alexandre de la Patelli\u00e8re<br \/>\nRegie: Marion Bierry<br \/>\nTeamtheater M\u00fcnchen<br \/>\n19.3-29.3.2015<\/p>\n<p><strong>\u201eWartungsarbeiten\u201c<\/strong>\u2028 Wiederaufnahme<br \/>\nRegie: Lorenz Seib<br \/>\nTamstheater M\u00fcnchen<br \/>\n9.1-24.1.2015[\/vc_column_text][\/vc_column][\/vc_row][vc_row el_class=&#8220;contact-row&#8220;][vc_column width=&#8220;1\/2&#8243; reveal_effect=&#8220;fadeIn&#8220; reveal_duration=&#8220;1&#8243; reveal_delay=&#8220;0.3&#8243; el_class=&#8220;year&#8220;][vc_column_text css=&#8220;.vc_custom_1558886700874{margin-bottom: 15px !important;}&#8220;]<\/p>\n<h2>2014<\/h2>\n<p>[\/vc_column_text][\/vc_column][vc_column width=&#8220;1\/2&#8243;][vc_column_text]<strong>\u201eLe Pr\u00e9nom\u201c\u2028<\/strong><br \/>\nUne com\u00e9die de Matthieu Delaporte &amp; Alexandre de la Patelli\u00e8re<br \/>\nRegie: Marion Bierry<br \/>\nTeamtheater M\u00fcnchen<br \/>\nPremiere: 8. Oktober 2014<\/p>\n<p><strong>Ausstattung f\u00fcr<\/strong> <strong>\u201eMagnetic Fields\u201c<\/strong><br \/>\nTanzproduktion von Massimo Gerardi<br \/>\nChoreographie : Massimo Gerardi<br \/>\nAlte Feuerwache K\u00d6LN\/Hellerau-Europ\u00e4isches Zentrum der K\u00fcnste-DRESDEN\/Theater Odeon BUKAREST\/Chor. Centrum HEIDELBERG<br \/>\nPremiere: September 2014<\/p>\n<p><strong>B\u00fchne f\u00fcr<\/strong> <strong>\u201eDer Kalif von Bagdad\u201c <\/strong>\u2028von Manuel Garcia<br \/>\nRegie: Horst Vladar<br \/>\nNeuburger Kammeroper, Neuburg an der Donau<br \/>\nPremiere: 19. Juli 2014<\/p>\n<p><strong>\u201eZeitkapseln-Arch\u00e4ologie f\u00fcr die Zukunft\u201c<\/strong><br \/>\nEin Projekt von Kulturlabor Stromboli, Stadtarch\u00e4ologie Hall und Dr. Posch Sch\u00fcle<br \/>\nHall in Tirol, \u00d6sterreich<br \/>\n27. Juni 2014<\/p>\n<p><strong>B\u00fchne f\u00fcr<\/strong> <strong>\u201eDu Opfer\u201c<\/strong><br \/>\nProjekt im Rahmen der Initiative\u2028Macht\/schule\/theater \u00d6sterreich<br \/>\nRegie: Philipp Jescheck<br \/>\nHall in Tirol, \u00d6sterreich<br \/>\nPremiere: 3. Mai 2014<\/p>\n<p><strong>\u201eWartungsarbeiten\u201c<\/strong>\u2028ein musikalischer Theaterabend<br \/>\nRegie: Lorenz Seib<br \/>\nTamstheater M\u00fcnchen<br \/>\nPremiere: 19. M\u00e4rz 2014<\/p>\n<p><strong>B\u00fchne und Kost\u00fcme f\u00fcr<\/strong> <strong>\u201eErdbeeren im Januar\u201c<br \/>\n<\/strong>\u2028von Evelyne de la Cheneli\u00e8re<br \/>\nRegie: Philipp Jescheck<br \/>\nTeamtheater M\u00fcnchen<br \/>\nPremiere: 12. M\u00e4rz 2014[\/vc_column_text][\/vc_column][\/vc_row][vc_row el_class=&#8220;contact-row&#8220;][vc_column width=&#8220;1\/2&#8243; reveal_effect=&#8220;fadeIn&#8220; reveal_duration=&#8220;1&#8243; reveal_delay=&#8220;0.3&#8243; el_class=&#8220;year&#8220;][vc_column_text css=&#8220;.vc_custom_1558888728150{margin-bottom: 15px !important;}&#8220;]<\/p>\n<h2>2013<\/h2>\n<p>[\/vc_column_text][\/vc_column][vc_column width=&#8220;1\/2&#8243;][vc_column_text]<strong>B\u00fchne und Kost\u00fcme f\u00fcr<\/strong> <strong>\u201eDoig\u201c<\/strong>\u2028 von Greg Freeman<br \/>\nRegie: Oliver Zimmer<br \/>\nTeamtheater M\u00fcnchen<br \/>\nPremiere: 20. November 2013<\/p>\n<p><strong>B\u00fchne und Kost\u00fcme f\u00fcr<\/strong> <strong>\u201eDie gro\u00dfe W\u00f6rterfabrik\u201c<\/strong><br \/>\nNach Agn\u00e9s Lestrade<br \/>\nRegie: Katharin Schwarz<br \/>\nTheater\u2028 Strombomboli, Hall in Tirol, \u00d6sterreich<br \/>\nPremiere: 12. Oktober 2013<\/p>\n<p><strong>Ausstattung f\u00fcr \u201eSACRE\/D\u201c<\/strong><br \/>\nTanzproduktion von Massimo Gerardi<br \/>\nChoreographie: Massimo Gerardi<br \/>\nK\u00f6ln Skulpturenpark und Dresden Hellerau\/Europ\u00e4isches Zentrum der Kunste<br \/>\nPremiere: September 2013<\/p>\n<p><strong>Saxophonist bei \u201eDrei Spanische Italiener und die Madame aus Lissabon\u201c<\/strong><br \/>\nKonzept &amp; Regie\u00a0Anette Spola &amp; Lorenz Seib<br \/>\nTamS Theater M\u00fcnchen<br \/>\nPremiere: 27. Juni 2013<\/p>\n<p><strong>B\u00fchne und Kost\u00fcme f\u00fcr \u201eIch denke an Yu\u201c <\/strong>von Carole Fr\u00e9chette<br \/>\nRegie: Stefanie Bauerochse<br \/>\nTeamtheater M\u00fcnchen<br \/>\nPremiere: 24. April 2013<\/p>\n<p><strong>B\u00fchne und Kost\u00fcme f\u00fcr \u201eDas Netzwerk\u201c<\/strong><br \/>\nEine Theaterproduktion von Theater Strombomboli\u2028 mit dem Franziskanergymnasium \u2028und der Polytechnischen Schule Hall \u2028im Rahmen der Initiative &#8222;Macht Schule Theater&#8220;<br \/>\nTheater\u2028 Strombomboli, Hall in Tirol, \u00d6sterreich<br \/>\nRegie: Philipp Jescheck<br \/>\nPremiere: 20. April 2013[\/vc_column_text][\/vc_column][\/vc_row][vc_row el_class=&#8220;contact-row&#8220;][vc_column width=&#8220;1\/2&#8243; reveal_effect=&#8220;fadeIn&#8220; reveal_duration=&#8220;1&#8243; reveal_delay=&#8220;0.3&#8243; el_class=&#8220;year&#8220;][vc_column_text css=&#8220;.vc_custom_1560688678614{margin-bottom: 15px !important;}&#8220;]<\/p>\n<h2>2012<\/h2>\n<p>[\/vc_column_text][\/vc_column][vc_column width=&#8220;1\/2&#8243;][vc_column_text]<strong>B\u00fchne und Kost\u00fcme f\u00fcr \u201eHot Dog\u201c<\/strong><br \/>\nTanzst\u00fcck von Massimo Gerardi<br \/>\nDoelenzaal Amsterdam, Holland<br \/>\nPremiere: 3. Juni 2012<\/p>\n<p><strong>B\u00fchne und Kost\u00fcme f\u00fcr \u201eHausrat\u201c<\/strong><br \/>\nTanzst\u00fcck von Tarek Assam<br \/>\nStadttheater Giessen<br \/>\nPremiere: 24. Mai 2012<\/p>\n<p><strong>B\u00fchne und Kost\u00fcme f\u00fcr \u201eGood Morning, Boys and Girls\u201c<\/strong><br \/>\nvon Juli Zeh<br \/>\nRegie Philipp Jescheck<br \/>\nPremiere: 2. Mai 2012[\/vc_column_text][\/vc_column][\/vc_row][vc_row el_class=&#8220;contact-row&#8220;][vc_column width=&#8220;1\/2&#8243; reveal_effect=&#8220;fadeIn&#8220; reveal_duration=&#8220;1&#8243; reveal_delay=&#8220;0.3&#8243; el_class=&#8220;year&#8220;][vc_column_text css=&#8220;.vc_custom_1560688832020{margin-bottom: 15px !important;}&#8220;]<\/p>\n<h2>2011<\/h2>\n<p>[\/vc_column_text][\/vc_column][vc_column width=&#8220;1\/2&#8243;][vc_column_text]<strong>B\u00fchne und Kost\u00fcme f\u00fcr \u201ePuppent\u00e4nze\u201c\u2028<\/strong><br \/>\nTanzst\u00fcck von Massimo Gerardi<br \/>\nStadttheater Giessen<br \/>\nPremiere: 9. Juni 2011<\/p>\n<p><strong>B\u00fchne und Kost\u00fcme f\u00fcr \u201eA Beautiful Compromise\u201c\u2028<\/strong><br \/>\nChoreografie und Konzept von Peter McCoy<br \/>\nSchwere Reiter, M\u00fcnchen<br \/>\nPremiere: 27. Mai 2011<\/p>\n<p><strong>B\u00fchne und Kost\u00fcme f\u00fcr \u201eDrei N\u00e4chte mit Madox\u201c<\/strong><br \/>\nvon Mat\u00e9i Visniec<br \/>\nRegie Philipp Jescheck<br \/>\nTeamtheater M\u00fcnchen<br \/>\nPremiere: 4. M\u00e4rz 2011[\/vc_column_text][\/vc_column][\/vc_row][vc_row el_class=&#8220;contact-row&#8220;][vc_column width=&#8220;1\/2&#8243; reveal_effect=&#8220;fadeIn&#8220; reveal_duration=&#8220;1&#8243; reveal_delay=&#8220;0.3&#8243; el_class=&#8220;year&#8220;][vc_column_text css=&#8220;.vc_custom_1560688914800{margin-bottom: 15px !important;}&#8220;]<\/p>\n<h2>2010<\/h2>\n<p>[\/vc_column_text][\/vc_column][vc_column width=&#8220;1\/2&#8243;][vc_column_text]<strong>Kost\u00fcme f\u00fcr \u201eDer Zerbrochene Krug\u201c<\/strong><br \/>\nLustspiel von Heinrich von Kleist<br \/>\nRegie: Karen Breece<br \/>\nSommertheater Dachau<br \/>\nPremiere: 27.Juli 2010<\/p>\n<p><strong>B\u00fchne und Kost\u00fcme f\u00fcr \u201eLaputa Nova\u201c<\/strong><br \/>\nEine Performance von Alexia Hermann<br \/>\nTeamtheater M\u00fcnchen<br \/>\nPremiere: 7. Mai 2010<\/p>\n<p><strong>B\u00fchne-Mitarbeit f\u00fcr Giuseppe Verdi \u201eI Masnadieri\u201c<\/strong><br \/>\nRegie: Alexander Schulin<br \/>\nStadttheater Karlsruhe<br \/>\nPremiere: 30. Januar 2010[\/vc_column_text][\/vc_column][\/vc_row][vc_row el_class=&#8220;contact-row&#8220;][vc_column width=&#8220;1\/2&#8243; reveal_effect=&#8220;fadeIn&#8220; reveal_duration=&#8220;1&#8243; reveal_delay=&#8220;0.3&#8243; el_class=&#8220;year&#8220;][vc_column_text css=&#8220;.vc_custom_1560688989737{margin-bottom: 15px !important;}&#8220;]<\/p>\n<h2>2009<\/h2>\n<p>[\/vc_column_text][\/vc_column][vc_column width=&#8220;1\/2&#8243;][vc_column_text]<strong>B\u00fchne und Kost\u00fcme f\u00fcr \u201eHerr Paul\u201c<\/strong><br \/>\nSchauspiel von Tankred Dorst<br \/>\nRegie: Sarah Kohrs<br \/>\nStadttheater Bremerhaven<br \/>\nPremiere: 25. Oktober 2009<\/p>\n<p><strong>B\u00fchne und Kost\u00fcme f\u00fcr Donizetti \u201eLucrezia Borgia\u201c\u2028<\/strong><br \/>\nRegie: Peter Grisebach<br \/>\nStadttheater Bremerhaven<br \/>\nPremiere: 19. September 2009<\/p>\n<p><strong>B\u00fchne und Kost\u00fcme f\u00fcr \u201eZwerge\u201c\u2028<\/strong><br \/>\nChoreographie: Tarek Assam<br \/>\nStadttheater Gie\u00dfen<br \/>\nPremiere: 28. Mai 2009[\/vc_column_text][\/vc_column][\/vc_row][vc_row el_class=&#8220;contact-row&#8220;][vc_column width=&#8220;1\/2&#8243; reveal_effect=&#8220;fadeIn&#8220; reveal_duration=&#8220;1&#8243; reveal_delay=&#8220;0.3&#8243; el_class=&#8220;year&#8220;][vc_column_text css=&#8220;.vc_custom_1560689057920{margin-bottom: 15px !important;}&#8220;]<\/p>\n<h2>2008<\/h2>\n<p>[\/vc_column_text][\/vc_column][vc_column width=&#8220;1\/2&#8243;][vc_column_text]<strong>B\u00fchne und Kost\u00fcme f\u00fcr Gaetano Donizetti \u201eMaria Stuart\u201c<\/strong><br \/>\nRegie: Peter Grisebach<br \/>\nStadttheater Bremerhaven<br \/>\nPremiere: 25. Dezember 2008<\/p>\n<p><strong>B\u00fchne und Kost\u00fcme f\u00fcr \u201eWetterleuchten\u201c\u2028<\/strong><br \/>\nSchauspiel von Daniel Call<br \/>\nRegie: Sarah Kohrs<br \/>\nStadttheater Bremerhaven<br \/>\nPremiere: 5. Oktober 2008<\/p>\n<p><strong>B\u00fchne und Kost\u00fcme f\u00fcr \u201eSpieltrieb\u201c\u2028<\/strong><br \/>\nNach Juli Zeh f\u00fcr die B\u00fchne adaptiert von Bernhard Studlar<br \/>\nRegie: Oliver Zimmer<br \/>\nNationaltheater Weimar<br \/>\nPremiere: 4. April 2008<\/p>\n<p><strong>Raumkonzept und Realisierung \u201cTheater der Flaneure\u201d\u2028<\/strong><br \/>\nTheaterraum\u00a0f\u00fcr den \u201cCorso Leopold\u201d, M\u00fcnchen[\/vc_column_text][\/vc_column][\/vc_row][vc_row el_class=&#8220;contact-row&#8220;][vc_column width=&#8220;1\/2&#8243; reveal_effect=&#8220;fadeIn&#8220; reveal_duration=&#8220;1&#8243; reveal_delay=&#8220;0.3&#8243; el_class=&#8220;year&#8220;][vc_column_text css=&#8220;.vc_custom_1560689172304{margin-bottom: 15px !important;}&#8220;]<\/p>\n<h2>2007<\/h2>\n<p>[\/vc_column_text][\/vc_column][vc_column width=&#8220;1\/2&#8243;][vc_column_text]<strong>B\u00fchne und Kost\u00fcme f\u00fcr \u201eDer Gott des Gemetzels\u201c\u2028<\/strong><br \/>\nSchauspiel von Yasmina Reza<br \/>\nRegie: Sarah Kohrs<br \/>\nStadttheater Bremerhaven<br \/>\nPremiere: 14. November 2007<\/p>\n<p><strong>B\u00fchne und Kost\u00fcme f\u00fcr \u201eAlte Meister\u201c<\/strong>\u2028 von Thomas Bernhard<br \/>\nRegie: Vera Nolte<br \/>\nAllerheiligen-Hofkirche M\u00fcnchen<br \/>\nPremiere: 30.Oktober 2007<\/p>\n<p><strong>B\u00fchne und Kost\u00fcme f\u00fcr \u201eGrenztageb\u00fccher\u201c\u2028<\/strong><br \/>\nTanzst\u00fcck von Assam und Jucquois<br \/>\nStadttheater Gie\u00dfen<br \/>\nPremiere: 14. April 2007<\/p>\n<p><strong>B\u00fchne und Kost\u00fcme f\u00fcr \u201eMichael Kohlhaas\u201c<\/strong><br \/>\nnach Heinrich von Kleist<br \/>\nRegie: Alexia Hermann<br \/>\nTeamtheater M\u00fcnchen<br \/>\nPremiere: 14. M\u00e4rz 2007<\/p>\n<p><strong>B\u00fchne und Kost\u00fcme f\u00fcr \u201eBlack Bird\u201c\u2028<\/strong><br \/>\nvon David Harrower<br \/>\nRegie: Sarah Kohrs<br \/>\nStadttheater Gie\u00dfen<br \/>\nPremiere: 6. Januar 2007[\/vc_column_text][\/vc_column][\/vc_row][vc_row el_class=&#8220;contact-row&#8220;][vc_column width=&#8220;1\/2&#8243; reveal_effect=&#8220;fadeIn&#8220; reveal_duration=&#8220;1&#8243; reveal_delay=&#8220;0.3&#8243; el_class=&#8220;year&#8220;][vc_column_text css=&#8220;.vc_custom_1560689474685{margin-bottom: 15px !important;}&#8220;]<\/p>\n<h2>2006<\/h2>\n<p>[\/vc_column_text][\/vc_column][vc_column width=&#8220;1\/2&#8243;][vc_column_text]<strong>B\u00fchne f\u00fcr \u201eKolostrum\u201c<\/strong> von Peer Wittenbols<br \/>\nRegie: Dirk Arlt<br \/>\nTeamtheater M\u00fcnchen<br \/>\nPremiere: 25. Oktober 2006<\/p>\n<p><strong>B\u00fchne und Kost\u00fcme f\u00fcr \u201eDer Kissenmann\u201c<\/strong><br \/>\nvon Martin McDonagh<br \/>\nRegie: Alexia Hermann<br \/>\nTheater Reutlingen<br \/>\nPremiere: 27. April 2006<\/p>\n<p><strong>B\u00fchne und Kost\u00fcme f\u00fcr \u201eDie Marquise von O\u201c<\/strong> von Kleist<br \/>\nRegie: Alexia Hermann<br \/>\nTeamtheater M\u00fcnchen<br \/>\nPremiere: 22. Februar 2006[\/vc_column_text][\/vc_column][\/vc_row][vc_row el_class=&#8220;contact-row&#8220;][vc_column width=&#8220;1\/2&#8243; reveal_effect=&#8220;fadeIn&#8220; reveal_duration=&#8220;1&#8243; reveal_delay=&#8220;0.3&#8243; el_class=&#8220;year&#8220;][vc_column_text css=&#8220;.vc_custom_1560689572525{margin-bottom: 15px !important;}&#8220;]<\/p>\n<h2>2005<\/h2>\n<p>[\/vc_column_text][\/vc_column][vc_column width=&#8220;1\/2&#8243;][vc_column_text]<strong>B\u00fchne und Kost\u00fcme f\u00fcr \u201cTube\u201c<\/strong><br \/>\nTanzst\u00fcck von Tarek Assam<br \/>\nStadttheater Gie\u00dfen<br \/>\nPremiere: 15. Dezember 2005<\/p>\n<p><strong>Vorbereitung des B\u00fchnenbilds, Pl\u00e4ne und Bauprobe f\u00fcr\u2028\u201eUn ballo in maschera\u201c<\/strong><br \/>\nvon Giuseppe Verdi<br \/>\nRegie: Claus Guth<br \/>\nB\u00fchnenbildner: Christoph Sehl<br \/>\nOper Frankfurt<br \/>\nPremiere: 2. Oktober 2005<\/p>\n<p><strong>B\u00fchne und Kost\u00fcme f\u00fcr \u201eDie Kopien\u201c<\/strong><br \/>\nvon Caryl Churchill<br \/>\nRegie: Alexia Hermann<br \/>\nTheater Freiburg<br \/>\nPremiere: 30. September 2005<\/p>\n<p><strong>B\u00fchne und Kost\u00fcme f\u00fcr \u201eMein Herz Mein Hund\u201c\u2028<\/strong><br \/>\nBriefe von Anton Tschechow und Olga Knipper<br \/>\nRegie: Alexia Hermann<br \/>\nTheater Freiburg<br \/>\nPremiere: 5. Januar 2005[\/vc_column_text][\/vc_column][\/vc_row][vc_row el_class=&#8220;contact-row&#8220;][vc_column width=&#8220;1\/2&#8243; reveal_effect=&#8220;fadeIn&#8220; reveal_duration=&#8220;1&#8243; reveal_delay=&#8220;0.3&#8243; el_class=&#8220;year&#8220;][vc_column_text css=&#8220;.vc_custom_1574594404172{margin-bottom: 15px !important;}&#8220;]<\/p>\n<h2>2002-2004<\/h2>\n<p>[\/vc_column_text][\/vc_column][vc_column width=&#8220;1\/2&#8243;][vc_column_text]<strong>Festangestellter B\u00fchnenbildassistent am Theater Freiburg<\/strong><br \/>\nIntendantin: Am\u00e9lie Niermeyer[\/vc_column_text][\/vc_column][\/vc_row][vc_row el_class=&#8220;contact-row&#8220;][vc_column width=&#8220;1\/2&#8243; reveal_effect=&#8220;fadeIn&#8220; reveal_duration=&#8220;1&#8243; reveal_delay=&#8220;0.3&#8243; el_class=&#8220;year&#8220;][vc_column_text css=&#8220;.vc_custom_1560689699784{margin-bottom: 15px !important;}&#8220;]<\/p>\n<h2>2004<\/h2>\n<p>[\/vc_column_text][\/vc_column][vc_column width=&#8220;1\/2&#8243;][vc_column_text]<strong>B\u00fchne und Kost\u00fcme f\u00fcr \u201eKurze Interviews mit fiesen M\u00e4nnern\u201c<\/strong><br \/>\nvon David Foster Wallace<br \/>\nRegie: Alexia Hermann<br \/>\nTheater Freiburg<br \/>\nPremiere: 17. Juni 2004<\/p>\n<p><strong>B\u00fchne und Kost\u00fcme f\u00fcr \u201eSuperstar sucht Deutschland\u201c<\/strong><br \/>\nRegie: Edith Ehrhardt<br \/>\nTheater Freiburg<br \/>\nPremiere: 29. Januar 2004[\/vc_column_text][\/vc_column][\/vc_row][vc_row el_class=&#8220;contact-row&#8220;][vc_column width=&#8220;1\/2&#8243; reveal_effect=&#8220;fadeIn&#8220; reveal_duration=&#8220;1&#8243; reveal_delay=&#8220;0.3&#8243; el_class=&#8220;year&#8220;][vc_column_text css=&#8220;.vc_custom_1560689764869{margin-bottom: 15px !important;}&#8220;]<\/p>\n<h2>2003<\/h2>\n<p>[\/vc_column_text][\/vc_column][vc_column width=&#8220;1\/2&#8243;][vc_column_text]<strong>B\u00fchne und Kost\u00fcme f\u00fcr \u201eWelche Droge passt zu mir?\u201c<\/strong><br \/>\nvon Kai Hensel (Urauff\u00fchrung )<br \/>\nRegie: Christian von Treskow<br \/>\nTheater Freiburg<br \/>\nPremiere: 6. November 2003<\/p>\n<p><strong>B\u00fchne und Kost\u00fcme f\u00fcr \u201eCirce und Ulyss\u201c<\/strong><br \/>\nOperette nach \u2028Calderons Schauspiel \u201e\u00dcber allem Zauber Liebe\u201c<br \/>\nMusikalische Leitung: Aziz Kortel<br \/>\nRegie: Stephanie Heine<br \/>\nTheater Freiburg<br \/>\nPremiere: 24. Oktober 2003<\/p>\n<p><strong>B\u00fchne und Kost\u00fcme f\u00fcr \u201eZaide\u201c<\/strong><br \/>\nvon Wolfgang Amadeus Mozart<br \/>\nRegie: Jesse Coston<br \/>\nTheater Freiburg<br \/>\nPremiere: 7. Mai 2003[\/vc_column_text][\/vc_column][\/vc_row][vc_row el_class=&#8220;contact-row&#8220;][vc_column width=&#8220;1\/2&#8243; reveal_effect=&#8220;fadeIn&#8220; reveal_duration=&#8220;1&#8243; reveal_delay=&#8220;0.3&#8243; el_class=&#8220;year&#8220;][vc_column_text css=&#8220;.vc_custom_1560689946632{margin-bottom: 15px !important;}&#8220;]<\/p>\n<h2>2002<\/h2>\n<p>[\/vc_column_text][\/vc_column][vc_column width=&#8220;1\/2&#8243;][vc_column_text]<strong>B\u00fchnenbildassistenz bei Alexander M\u00fcller Elmau f\u00fcr \u201eDrei Mal\u2028Leben\u201c<\/strong><br \/>\nvon Yasmina Reza<br \/>\nRegie: Hans Ulrich Becker<br \/>\nResidenztheater, M\u00fcnchen<\/p>\n<p><strong>B\u00fchnenbildassistenz bei Alexander M\u00fcller Elmau f\u00fcr \u201eDie \u2028Entf\u00fchrung aus dem Serail\u201c<\/strong><br \/>\nvon Mozart<br \/>\nRegie: Hans Ulrich\u2028 Becker<br \/>\nStaatstheater am G\u00e4rtnerplatz, M\u00fcnchen<\/p>\n<p><strong>Vorbereitung des B\u00fchnenbilds \u201eFalstaff\u201c von G. Verdi\u2028<\/strong><br \/>\n(Modell, Pl\u00e4ne, Bauprobe)<br \/>\nB\u00fchnenbildner: Christoph Sehl<br \/>\nStaatstheater Karlsruhe[\/vc_column_text][\/vc_column][\/vc_row][vc_row el_class=&#8220;contact-row&#8220;][vc_column width=&#8220;1\/2&#8243; reveal_effect=&#8220;fadeIn&#8220; reveal_duration=&#8220;1&#8243; reveal_delay=&#8220;0.3&#8243; el_class=&#8220;year&#8220;][vc_column_text css=&#8220;.vc_custom_1560690273311{margin-bottom: 15px !important;}&#8220;]<\/p>\n<h2>2001<\/h2>\n<p>[\/vc_column_text][\/vc_column][vc_column width=&#8220;1\/2&#8243;][vc_column_text]<strong>B\u00fchnenbildassistenz bei Christoph Sehl f\u00fcr \u201eKing Arthur\u201c<\/strong><br \/>\nvon H. Purcell<br \/>\nRegie: Claus Guth<br \/>\nPrinzregententheater, M\u00fcnchen<\/p>\n<p><strong>Vorbereitung des B\u00fchnenbilds \u201eDer Idiot\u201c<\/strong><br \/>\nvon Dostojewskij<br \/>\nB\u00fchnenbildner: Alexander M\u00fcller Elmau<br \/>\nSchauspielhaus Bochum<\/p>\n<p><strong>B\u00fchnenbildassistenz bei Alexander M\u00fcller Elmau f\u00fcr \u201eFahrenheit 451\u201c<\/strong><br \/>\nvon Ray Bradbury,<br \/>\nRegie: Hans Ulrich Becker<br \/>\nStaatstheater Stuttgart<\/p>\n<p><strong>B\u00fchne-Mitarbeit mit Alexander M\u00fcller Elmau f\u00fcr \u201eBiografie: Ein Spiel\u201c<\/strong><br \/>\nvon Max Frisch<br \/>\nRegie: G\u00fcnther Beelitz<br \/>\nStaatstheater Heidelberg[\/vc_column_text][\/vc_column][\/vc_row][vc_row el_class=&#8220;contact-row&#8220;][vc_column width=&#8220;1\/2&#8243; reveal_effect=&#8220;fadeIn&#8220; reveal_duration=&#8220;1&#8243; reveal_delay=&#8220;0.3&#8243; el_class=&#8220;year&#8220;][vc_column_text css=&#8220;.vc_custom_1560699627098{margin-bottom: 15px !important;}&#8220;]<\/p>\n<h2>2000<\/h2>\n<p>[\/vc_column_text][\/vc_column][vc_column width=&#8220;1\/2&#8243;][vc_column_text]<strong>B\u00fchnenbildassistenz bei dem B\u00fchnenbildner Alexander M\u00fcller-\u2028Elmau f\u00fcr \u201eBunbury\u201c<\/strong><br \/>\nvon O. Wild<br \/>\nRegie: Hans Ulrich Becker<br \/>\nStaatstheater Stuttgart<\/p>\n<p><strong>B\u00fchnenbildassistenz bei dem B\u00fchnenbildner Christoph Sehl f\u00fcr \u201eEvgenj Onegin\u201c<\/strong><br \/>\nvon P.Cajkovskij<br \/>\nRegie: Alexander Schulin<br \/>\n\u201eTeatro del Maggio Musicale Fiorentino\u201c Florenz, Italien<\/p>\n<p><strong>B\u00fchnenbildassistenz bei Alexander M\u00fcller Elmau f\u00fcr \u201eUnd\/Oder\u201c<\/strong> von J. Herzberg<br \/>\nRegie: Hans Ulrich Becker<br \/>\nStaatstheater \u201eTheater im Depot\u201c, Stuttgart[\/vc_column_text][\/vc_column][\/vc_row]<\/p>\n<\/section>","protected":false},"excerpt":{"rendered":"<p>[vc_row css=&#8220;.vc_custom_1557653040784{padding-top: 25px !important;padding-bottom: 0px !important;}&#8220;][vc_column width=&#8220;1\/2&#8243; reveal_effect=&#8220;fadeIn&#8220; reveal_duration=&#8220;1&#8243; reveal_delay=&#8220;0.3&#8243;][vc_column_text el_class=&#8220;page-title-size&#8220; css=&#8220;.vc_custom_1557650457746{margin-bottom: 15px !important;}&#8220;] \u00dcber mich [\/vc_column_text][\/vc_column][vc_column width=&#8220;1\/2&#8243;][\/vc_column][\/vc_row][vc_row el_class=&#8220;contact-row&#8220;][vc_column width=&#8220;1\/2&#8243; reveal_effect=&#8220;fadeIn&#8220; reveal_duration=&#8220;1&#8243; reveal_delay=&#8220;0.3&#8243;][vc_column_text css=&#8220;.vc_custom_1682411999264{margin-bottom: 15px !important;}&#8220;]Michele Lorenzini wurde in Mailand geboren. Er studierte an der Kunstakademie \u201eAccademia di Brera\u201c in seiner Heimatstadt. Nach zwei Jahren Aufenthalt in Barcelona und einem Austauschsemester an der Kunstakademie M\u00fcnchen&hellip;<\/p>\n","protected":false},"author":1,"featured_media":0,"parent":0,"menu_order":0,"comment_status":"open","ping_status":"closed","template":"","meta":{"footnotes":""},"class_list":["post-4755","page","type-page","status-publish","hentry"],"acf":[],"_links":{"self":[{"href":"http:\/\/www.michelelorenzini.de\/blog\/wp-json\/wp\/v2\/pages\/4755","targetHints":{"allow":["GET"]}}],"collection":[{"href":"http:\/\/www.michelelorenzini.de\/blog\/wp-json\/wp\/v2\/pages"}],"about":[{"href":"http:\/\/www.michelelorenzini.de\/blog\/wp-json\/wp\/v2\/types\/page"}],"author":[{"embeddable":true,"href":"http:\/\/www.michelelorenzini.de\/blog\/wp-json\/wp\/v2\/users\/1"}],"replies":[{"embeddable":true,"href":"http:\/\/www.michelelorenzini.de\/blog\/wp-json\/wp\/v2\/comments?post=4755"}],"version-history":[{"count":93,"href":"http:\/\/www.michelelorenzini.de\/blog\/wp-json\/wp\/v2\/pages\/4755\/revisions"}],"predecessor-version":[{"id":5818,"href":"http:\/\/www.michelelorenzini.de\/blog\/wp-json\/wp\/v2\/pages\/4755\/revisions\/5818"}],"wp:attachment":[{"href":"http:\/\/www.michelelorenzini.de\/blog\/wp-json\/wp\/v2\/media?parent=4755"}],"curies":[{"name":"wp","href":"https:\/\/api.w.org\/{rel}","templated":true}]}}